{"id":17,"date":"2025-01-23T20:15:43","date_gmt":"2025-01-23T20:15:43","guid":{"rendered":"https:\/\/precisionphotographie.com\/?page_id=17"},"modified":"2026-08-14T14:48:08","modified_gmt":"2026-08-14T14:48:08","slug":"a-propos","status":"publish","type":"page","link":"https:\/\/precisionphotographie.com\/en\/a-propos\/","title":{"rendered":"About"},"content":{"rendered":"\t\t<div data-elementor-type=\"wp-page\" data-elementor-id=\"17\" class=\"elementor elementor-17\" data-elementor-post-type=\"page\">\n\t\t\t\t<div class=\"elementor-element elementor-element-96bcaa9 e-flex e-con-boxed e-con e-parent\" data-id=\"96bcaa9\" data-element_type=\"container\" data-e-type=\"container\" data-settings=\"{&quot;background_background&quot;:&quot;classic&quot;}\">\n\t\t\t\t\t<div class=\"e-con-inner\">\n\t\t\t\t<div class=\"elementor-element elementor-element-40fb8fd elementor-invisible elementor-widget elementor-widget-heading\" data-id=\"40fb8fd\" data-element_type=\"widget\" data-e-type=\"widget\" data-settings=\"{&quot;_animation&quot;:&quot;bounceIn&quot;}\" data-widget_type=\"heading.default\">\n\t\t\t\t<div class=\"elementor-widget-container\">\n\t\t\t\t\t<h1 class=\"elementor-heading-title elementor-size-default\">All\u00f4! Moi, c\u2019est Marie-Pier<\/h1>\t\t\t\t<\/div>\n\t\t\t\t<\/div>\n\t\t<div class=\"elementor-element elementor-element-14520a7 e-con-full e-flex e-con e-child\" data-id=\"14520a7\" data-element_type=\"container\" data-e-type=\"container\">\n\t\t\t\t<div class=\"elementor-element elementor-element-905e526 elementor-widget elementor-widget-image\" data-id=\"905e526\" data-element_type=\"widget\" data-e-type=\"widget\" data-widget_type=\"image.default\">\n\t\t\t\t<div class=\"elementor-widget-container\">\n\t\t\t\t\t\t\t\t\t\t\t\t\t\t\t<img fetchpriority=\"high\" decoding=\"async\" width=\"800\" height=\"800\" src=\"https:\/\/precisionphotographie.com\/wp-content\/uploads\/2026\/08\/Myllie-120-nB-9-\u2013-grande-taille-1024x1024.jpeg\" class=\"attachment-large size-large wp-image-1140\" alt=\"\" srcset=\"https:\/\/precisionphotographie.com\/wp-content\/uploads\/2026\/08\/Myllie-120-nB-9-\u2013-grande-taille-1024x1024.jpeg 1024w, https:\/\/precisionphotographie.com\/wp-content\/uploads\/2026\/08\/Myllie-120-nB-9-\u2013-grande-taille-300x300.jpeg 300w, https:\/\/precisionphotographie.com\/wp-content\/uploads\/2026\/08\/Myllie-120-nB-9-\u2013-grande-taille-150x150.jpeg 150w, https:\/\/precisionphotographie.com\/wp-content\/uploads\/2026\/08\/Myllie-120-nB-9-\u2013-grande-taille-768x768.jpeg 768w, https:\/\/precisionphotographie.com\/wp-content\/uploads\/2026\/08\/Myllie-120-nB-9-\u2013-grande-taille-12x12.jpeg 12w, https:\/\/precisionphotographie.com\/wp-content\/uploads\/2026\/08\/Myllie-120-nB-9-\u2013-grande-taille-600x600.jpeg 600w, https:\/\/precisionphotographie.com\/wp-content\/uploads\/2026\/08\/Myllie-120-nB-9-\u2013-grande-taille-100x100.jpeg 100w, https:\/\/precisionphotographie.com\/wp-content\/uploads\/2026\/08\/Myllie-120-nB-9-\u2013-grande-taille.jpeg 1280w\" sizes=\"(max-width: 800px) 100vw, 800px\" \/>\t\t\t\t\t\t\t\t\t\t\t\t\t\t\t<\/div>\n\t\t\t\t<\/div>\n\t\t\t\t<div class=\"elementor-element elementor-element-6cbacd4 elementor-widget elementor-widget-image\" data-id=\"6cbacd4\" data-element_type=\"widget\" data-e-type=\"widget\" data-widget_type=\"image.default\">\n\t\t\t\t<div class=\"elementor-widget-container\">\n\t\t\t\t\t\t\t\t\t\t\t\t\t\t\t<img decoding=\"async\" width=\"682\" height=\"1024\" src=\"https:\/\/precisionphotographie.com\/wp-content\/uploads\/2026\/08\/2026_AlexM-P-low-12-682x1024.jpg\" class=\"attachment-large size-large wp-image-1139\" alt=\"\" srcset=\"https:\/\/precisionphotographie.com\/wp-content\/uploads\/2026\/08\/2026_AlexM-P-low-12-682x1024.jpg 682w, https:\/\/precisionphotographie.com\/wp-content\/uploads\/2026\/08\/2026_AlexM-P-low-12-200x300.jpg 200w, https:\/\/precisionphotographie.com\/wp-content\/uploads\/2026\/08\/2026_AlexM-P-low-12-768x1152.jpg 768w, https:\/\/precisionphotographie.com\/wp-content\/uploads\/2026\/08\/2026_AlexM-P-low-12-1024x1536.jpg 1024w, https:\/\/precisionphotographie.com\/wp-content\/uploads\/2026\/08\/2026_AlexM-P-low-12-8x12.jpg 8w, https:\/\/precisionphotographie.com\/wp-content\/uploads\/2026\/08\/2026_AlexM-P-low-12-600x900.jpg 600w, https:\/\/precisionphotographie.com\/wp-content\/uploads\/2026\/08\/2026_AlexM-P-low-12.jpg 1333w\" sizes=\"(max-width: 682px) 100vw, 682px\" \/>\t\t\t\t\t\t\t\t\t\t\t\t\t\t\t<\/div>\n\t\t\t\t<\/div>\n\t\t\t\t<\/div>\n\t\t\t\t<div class=\"elementor-element elementor-element-e9a2499 elementor-widget__width-initial elementor-widget elementor-widget-text-editor\" data-id=\"e9a2499\" data-element_type=\"widget\" data-e-type=\"widget\" data-widget_type=\"text-editor.default\">\n\t\t\t\t<div class=\"elementor-widget-container\">\n\t\t\t\t\t\t\t\t\t<p>Ma fascination pour l\u2019image ne date pas d\u2019hier. Tout a commenc\u00e9 dans le noir complet d&rsquo;une chambre noire au secondaire, \u00e0 regarder une image appara\u00eetre sur le papier pour la premi\u00e8re fois. C\u2019est l\u00e0 que j&rsquo;ai eu la piq\u00fbre.<\/p><p>Apr\u00e8s avoir partag\u00e9 ma passion comme enseignante d&rsquo;arts plastiques, j\u2019ai choisi de faire le grand saut en 2022 pour me consacrer enti\u00e8rement \u00e0 la cr\u00e9ation. C\u2019est ainsi qu\u2019est n\u00e9e Pr\u00e9cision Photographie. Aujourd&rsquo;hui, mon approche est simple : \u00eatre \u00e0 l\u2019\u00e9coute, rester cr\u00e9ative et offrir un service ultra-personnalis\u00e9 pour que chaque projet prenne tout son sens.<\/p><p>Si je travaille avec les outils num\u00e9riques au quotidien pour mes clients, ma pratique personnelle, elle, bat au rythme du film. J\u2019adore la photographie argentique pour sa lenteur et son c\u00f4t\u00e9 d\u00e9licieusement \u00ab nerd \u00bb. Il y a quelque chose de magique dans le fait de cr\u00e9er une image de A \u00e0 Z : charger la pellicule, la d\u00e9velopper moi-m\u00eame \u00e0 la maison, la num\u00e9riser et enfin, la partager.<\/p><p>Maintenant nerd de la photo autoproclam\u00e9e num\u00e9ro 1 de la C\u00f4te-de-Gasp\u00e9, je mets ma passion \u00e0 ton service. Que ce soit pour des cours de photo ou pour cr\u00e9er des images soign\u00e9es qui donneront vie \u00e0 tes id\u00e9es, je suis l\u00e0 pour t&rsquo;accompagner.<\/p><p>On jase de ton projet?<\/p>\t\t\t\t\t\t\t\t<\/div>\n\t\t\t\t<\/div>\n\t\t\t\t<div class=\"elementor-element elementor-element-929140a elementor-widget__width-initial elementor-widget elementor-widget-button\" data-id=\"929140a\" data-element_type=\"widget\" data-e-type=\"widget\" data-widget_type=\"button.default\">\n\t\t\t\t<div class=\"elementor-widget-container\">\n\t\t\t\t\t\t\t\t\t<div class=\"elementor-button-wrapper\">\n\t\t\t\t\t<a class=\"elementor-button elementor-button-link elementor-size-sm\" href=\"https:\/\/precisionphotographie.com\/contact\/\">\n\t\t\t\t\t\t<span class=\"elementor-button-content-wrapper\">\n\t\t\t\t\t\t\t\t\t<span class=\"elementor-button-text\">Contacte-moi<\/span>\n\t\t\t\t\t<\/span>\n\t\t\t\t\t<\/a>\n\t\t\t\t<\/div>\n\t\t\t\t\t\t\t\t<\/div>\n\t\t\t\t<\/div>\n\t\t\t\t\t<\/div>\n\t\t\t\t<\/div>\n\t\t<div class=\"elementor-element elementor-element-c332ef0 e-flex e-con-boxed e-con e-parent\" data-id=\"c332ef0\" data-element_type=\"container\" data-e-type=\"container\" data-settings=\"{&quot;background_background&quot;:&quot;classic&quot;}\">\n\t\t\t\t\t<div class=\"e-con-inner\">\n\t\t<div class=\"elementor-element elementor-element-58491fc e-con-full e-flex e-con e-child\" data-id=\"58491fc\" data-element_type=\"container\" data-e-type=\"container\">\n\t\t\t\t<div class=\"elementor-element elementor-element-b1abf78 elementor-widget elementor-widget-heading\" data-id=\"b1abf78\" data-element_type=\"widget\" data-e-type=\"widget\" data-widget_type=\"heading.default\">\n\t\t\t\t<div class=\"elementor-widget-container\">\n\t\t\t\t\t<h2 class=\"elementor-heading-title elementor-size-default\">Projets<\/h2>\t\t\t\t<\/div>\n\t\t\t\t<\/div>\n\t\t\t\t<\/div>\n\t\t\t\t<div class=\"elementor-element elementor-element-6b1bcde elementor-widget__width-initial elementor-grid-3 elementor-grid-tablet-2 elementor-grid-mobile-1 elementor-widget elementor-widget-loop-grid\" data-id=\"6b1bcde\" data-element_type=\"widget\" data-e-type=\"widget\" data-settings=\"{&quot;template_id&quot;:132,&quot;_skin&quot;:&quot;post&quot;,&quot;columns&quot;:&quot;3&quot;,&quot;columns_tablet&quot;:&quot;2&quot;,&quot;columns_mobile&quot;:&quot;1&quot;,&quot;edit_handle_selector&quot;:&quot;[data-elementor-type=\\&quot;loop-item\\&quot;]&quot;,&quot;row_gap&quot;:{&quot;unit&quot;:&quot;px&quot;,&quot;size&quot;:&quot;&quot;,&quot;sizes&quot;:[]},&quot;row_gap_tablet&quot;:{&quot;unit&quot;:&quot;px&quot;,&quot;size&quot;:&quot;&quot;,&quot;sizes&quot;:[]},&quot;row_gap_mobile&quot;:{&quot;unit&quot;:&quot;px&quot;,&quot;size&quot;:&quot;&quot;,&quot;sizes&quot;:[]}}\" data-widget_type=\"loop-grid.post\">\n\t\t\t\t<div class=\"elementor-widget-container\">\n\t\t\t\t\t\t\t<div class=\"elementor-loop-container elementor-grid\" role=\"list\">\n\t\t<style id=\"loop-132\">.elementor-132 .elementor-element.elementor-element-cf9dac0{--display:flex;--margin-top:0px;--margin-bottom:0px;--margin-left:0px;--margin-right:0px;--padding-top:0px;--padding-bottom:0px;--padding-left:0px;--padding-right:0px;}.elementor-132 .elementor-element.elementor-element-0134d38 img{border-radius:32px 32px 32px 32px;}.elementor-132 .elementor-element.elementor-element-c3866dc .elementor-heading-title{font-size:24px;color:var( --e-global-color-c51f677 );}.elementor-132 .elementor-element.elementor-element-c3866dc .elementor-heading-title a:hover, .elementor-132 .elementor-element.elementor-element-c3866dc .elementor-heading-title a:focus{color:#C42A50;}.elementor-132 .elementor-element.elementor-element-c3866dc .elementor-heading-title a{transition-duration:0.3s;}<\/style>\t\t<div data-elementor-type=\"loop-item\" data-elementor-id=\"132\" class=\"elementor elementor-132 e-loop-item e-loop-item-1105 post-1105 post type-post status-publish format-standard has-post-thumbnail hentry category-projets-corporatifs\" data-elementor-post-type=\"elementor_library\" data-custom-edit-handle=\"1\">\n\t\t\t<div class=\"elementor-element elementor-element-cf9dac0 e-flex e-con-boxed e-con e-parent\" data-id=\"cf9dac0\" data-element_type=\"container\" data-e-type=\"container\">\n\t\t\t\t\t<div class=\"e-con-inner\">\n\t\t\t\t<div class=\"elementor-element elementor-element-0134d38 elementor-widget elementor-widget-theme-post-featured-image elementor-widget-image\" data-id=\"0134d38\" data-element_type=\"widget\" data-e-type=\"widget\" data-widget_type=\"theme-post-featured-image.default\">\n\t\t\t\t<div class=\"elementor-widget-container\">\n\t\t\t\t\t\t\t\t\t\t\t\t\t\t\t\t<a href=\"https:\/\/precisionphotographie.com\/en\/la-boutique-par-fanny\/\">\n\t\t\t\t\t\t\t<img decoding=\"async\" width=\"800\" height=\"533\" src=\"https:\/\/precisionphotographie.com\/wp-content\/uploads\/2026\/08\/Laboutiqueparfanny-ete2025v2-compresse-153-1024x682.jpg\" class=\"elementor-animation-rotate attachment-large size-large wp-image-1112\" alt=\"\" srcset=\"https:\/\/precisionphotographie.com\/wp-content\/uploads\/2026\/08\/Laboutiqueparfanny-ete2025v2-compresse-153-1024x682.jpg 1024w, https:\/\/precisionphotographie.com\/wp-content\/uploads\/2026\/08\/Laboutiqueparfanny-ete2025v2-compresse-153-300x200.jpg 300w, https:\/\/precisionphotographie.com\/wp-content\/uploads\/2026\/08\/Laboutiqueparfanny-ete2025v2-compresse-153-768x512.jpg 768w, https:\/\/precisionphotographie.com\/wp-content\/uploads\/2026\/08\/Laboutiqueparfanny-ete2025v2-compresse-153-1536x1024.jpg 1536w, https:\/\/precisionphotographie.com\/wp-content\/uploads\/2026\/08\/Laboutiqueparfanny-ete2025v2-compresse-153-18x12.jpg 18w, https:\/\/precisionphotographie.com\/wp-content\/uploads\/2026\/08\/Laboutiqueparfanny-ete2025v2-compresse-153-600x400.jpg 600w, https:\/\/precisionphotographie.com\/wp-content\/uploads\/2026\/08\/Laboutiqueparfanny-ete2025v2-compresse-153.jpg 2000w\" sizes=\"(max-width: 800px) 100vw, 800px\" \/>\t\t\t\t\t\t\t\t<\/a>\n\t\t\t\t\t\t\t\t\t\t\t\t\t\t\t<\/div>\n\t\t\t\t<\/div>\n\t\t\t\t<div class=\"elementor-element elementor-element-c3866dc elementor-widget elementor-widget-theme-post-title elementor-page-title elementor-widget-heading\" data-id=\"c3866dc\" data-element_type=\"widget\" data-e-type=\"widget\" data-widget_type=\"theme-post-title.default\">\n\t\t\t\t<div class=\"elementor-widget-container\">\n\t\t\t\t\t<h1 class=\"elementor-heading-title elementor-size-default\"><a href=\"https:\/\/precisionphotographie.com\/en\/la-boutique-par-fanny\/\">La Boutique par Fanny<\/a><\/h1>\t\t\t\t<\/div>\n\t\t\t\t<\/div>\n\t\t\t\t\t<\/div>\n\t\t\t\t<\/div>\n\t\t\t\t<\/div>\n\t\t\t\t<div data-elementor-type=\"loop-item\" data-elementor-id=\"132\" class=\"elementor elementor-132 e-loop-item e-loop-item-1060 post-1060 post type-post status-publish format-standard has-post-thumbnail hentry category-projets-creatifs\" data-elementor-post-type=\"elementor_library\" data-custom-edit-handle=\"1\">\n\t\t\t<div class=\"elementor-element elementor-element-cf9dac0 e-flex e-con-boxed e-con e-parent\" data-id=\"cf9dac0\" data-element_type=\"container\" data-e-type=\"container\">\n\t\t\t\t\t<div class=\"e-con-inner\">\n\t\t\t\t<div class=\"elementor-element elementor-element-0134d38 elementor-widget elementor-widget-theme-post-featured-image elementor-widget-image\" data-id=\"0134d38\" data-element_type=\"widget\" data-e-type=\"widget\" data-widget_type=\"theme-post-featured-image.default\">\n\t\t\t\t<div class=\"elementor-widget-container\">\n\t\t\t\t\t\t\t\t\t\t\t\t\t\t\t\t<a href=\"https:\/\/precisionphotographie.com\/en\/mariage-automnal-vincent-et-marc-antoine\/\">\n\t\t\t\t\t\t\t<img loading=\"lazy\" decoding=\"async\" width=\"800\" height=\"533\" src=\"https:\/\/precisionphotographie.com\/wp-content\/uploads\/2026\/06\/marcanvincentlow-10-1024x682.jpg\" class=\"elementor-animation-rotate attachment-large size-large wp-image-1062\" alt=\"\" srcset=\"https:\/\/precisionphotographie.com\/wp-content\/uploads\/2026\/06\/marcanvincentlow-10-1024x682.jpg 1024w, https:\/\/precisionphotographie.com\/wp-content\/uploads\/2026\/06\/marcanvincentlow-10-300x200.jpg 300w, https:\/\/precisionphotographie.com\/wp-content\/uploads\/2026\/06\/marcanvincentlow-10-768x512.jpg 768w, https:\/\/precisionphotographie.com\/wp-content\/uploads\/2026\/06\/marcanvincentlow-10-1536x1024.jpg 1536w, https:\/\/precisionphotographie.com\/wp-content\/uploads\/2026\/06\/marcanvincentlow-10-18x12.jpg 18w, https:\/\/precisionphotographie.com\/wp-content\/uploads\/2026\/06\/marcanvincentlow-10-600x400.jpg 600w, https:\/\/precisionphotographie.com\/wp-content\/uploads\/2026\/06\/marcanvincentlow-10.jpg 2000w\" sizes=\"(max-width: 800px) 100vw, 800px\" \/>\t\t\t\t\t\t\t\t<\/a>\n\t\t\t\t\t\t\t\t\t\t\t\t\t\t\t<\/div>\n\t\t\t\t<\/div>\n\t\t\t\t<div class=\"elementor-element elementor-element-c3866dc elementor-widget elementor-widget-theme-post-title elementor-page-title elementor-widget-heading\" data-id=\"c3866dc\" data-element_type=\"widget\" data-e-type=\"widget\" data-widget_type=\"theme-post-title.default\">\n\t\t\t\t<div class=\"elementor-widget-container\">\n\t\t\t\t\t<h1 class=\"elementor-heading-title elementor-size-default\"><a href=\"https:\/\/precisionphotographie.com\/en\/mariage-automnal-vincent-et-marc-antoine\/\">Mariage automnal &#8211; Vincent et Marc-Antoine<\/a><\/h1>\t\t\t\t<\/div>\n\t\t\t\t<\/div>\n\t\t\t\t\t<\/div>\n\t\t\t\t<\/div>\n\t\t\t\t<\/div>\n\t\t\t\t<div data-elementor-type=\"loop-item\" data-elementor-id=\"132\" class=\"elementor elementor-132 e-loop-item e-loop-item-1010 post-1010 post type-post status-publish format-standard has-post-thumbnail hentry category-projets-publicitaires\" data-elementor-post-type=\"elementor_library\" data-custom-edit-handle=\"1\">\n\t\t\t<div class=\"elementor-element elementor-element-cf9dac0 e-flex e-con-boxed e-con e-parent\" data-id=\"cf9dac0\" data-element_type=\"container\" data-e-type=\"container\">\n\t\t\t\t\t<div class=\"e-con-inner\">\n\t\t\t\t<div class=\"elementor-element elementor-element-0134d38 elementor-widget elementor-widget-theme-post-featured-image elementor-widget-image\" data-id=\"0134d38\" data-element_type=\"widget\" data-e-type=\"widget\" data-widget_type=\"theme-post-featured-image.default\">\n\t\t\t\t<div class=\"elementor-widget-container\">\n\t\t\t\t\t\t\t\t\t\t\t\t\t\t\t\t<a href=\"https:\/\/precisionphotographie.com\/en\/emergem-gemmes-nacres-marins\/\">\n\t\t\t\t\t\t\t<img loading=\"lazy\" decoding=\"async\" width=\"800\" height=\"534\" src=\"https:\/\/precisionphotographie.com\/wp-content\/uploads\/2026\/02\/Emergem-low-1-2-scaled-e1780582692172-1024x684.jpg\" class=\"elementor-animation-rotate attachment-large size-large wp-image-1014\" alt=\"\" srcset=\"https:\/\/precisionphotographie.com\/wp-content\/uploads\/2026\/02\/Emergem-low-1-2-scaled-e1780582692172-1024x684.jpg 1024w, https:\/\/precisionphotographie.com\/wp-content\/uploads\/2026\/02\/Emergem-low-1-2-scaled-e1780582692172-300x200.jpg 300w, https:\/\/precisionphotographie.com\/wp-content\/uploads\/2026\/02\/Emergem-low-1-2-scaled-e1780582692172-768x513.jpg 768w, https:\/\/precisionphotographie.com\/wp-content\/uploads\/2026\/02\/Emergem-low-1-2-scaled-e1780582692172-1536x1026.jpg 1536w, https:\/\/precisionphotographie.com\/wp-content\/uploads\/2026\/02\/Emergem-low-1-2-scaled-e1780582692172-18x12.jpg 18w, https:\/\/precisionphotographie.com\/wp-content\/uploads\/2026\/02\/Emergem-low-1-2-scaled-e1780582692172-600x401.jpg 600w, https:\/\/precisionphotographie.com\/wp-content\/uploads\/2026\/02\/Emergem-low-1-2-scaled-e1780582692172.jpg 1707w\" sizes=\"(max-width: 800px) 100vw, 800px\" \/>\t\t\t\t\t\t\t\t<\/a>\n\t\t\t\t\t\t\t\t\t\t\t\t\t\t\t<\/div>\n\t\t\t\t<\/div>\n\t\t\t\t<div class=\"elementor-element elementor-element-c3866dc elementor-widget elementor-widget-theme-post-title elementor-page-title elementor-widget-heading\" data-id=\"c3866dc\" data-element_type=\"widget\" data-e-type=\"widget\" data-widget_type=\"theme-post-title.default\">\n\t\t\t\t<div class=\"elementor-widget-container\">\n\t\t\t\t\t<h1 class=\"elementor-heading-title elementor-size-default\"><a href=\"https:\/\/precisionphotographie.com\/en\/emergem-gemmes-nacres-marins\/\">Emergem &#8211; Gemmes Nacr\u00e9s Marins<\/a><\/h1>\t\t\t\t<\/div>\n\t\t\t\t<\/div>\n\t\t\t\t\t<\/div>\n\t\t\t\t<\/div>\n\t\t\t\t<\/div>\n\t\t\t\t<\/div>\n\t\t\n\t\t\t\t\t\t<\/div>\n\t\t\t\t<\/div>\n\t\t\t\t\t<\/div>\n\t\t\t\t<\/div>\n\t\t<div class=\"elementor-element elementor-element-b7c6561 e-flex e-con-boxed e-con e-parent\" data-id=\"b7c6561\" data-element_type=\"container\" data-e-type=\"container\" data-settings=\"{&quot;background_background&quot;:&quot;classic&quot;}\">\n\t\t\t\t\t<div class=\"e-con-inner\">\n\t\t\t\t<div class=\"elementor-element elementor-element-bb25a16 elementor-widget elementor-widget-heading\" data-id=\"bb25a16\" data-element_type=\"widget\" data-e-type=\"widget\" data-widget_type=\"heading.default\">\n\t\t\t\t<div class=\"elementor-widget-container\">\n\t\t\t\t\t<h2 class=\"elementor-heading-title elementor-size-default\">3 choses qui influencent mon approche comme photographe<\/h2>\t\t\t\t<\/div>\n\t\t\t\t<\/div>\n\t\t\t\t<div class=\"elementor-element elementor-element-65ca66a elementor-widget__width-initial elementor-widget elementor-widget-text-editor\" data-id=\"65ca66a\" data-element_type=\"widget\" data-e-type=\"widget\" data-widget_type=\"text-editor.default\">\n\t\t\t\t<div class=\"elementor-widget-container\">\n\t\t\t\t\t\t\t\t\t<p><b>Les arts<\/b><b><br \/><\/b><span style=\"font-weight: 400;\">Ma formation et ma passion pour les arts guident mon approche \u00e0 la photographie. J\u2019utilise des outils du langage visuel comme la couleur, la composition et le cadrage pour traduire des id\u00e9es et mettre l\u2019accent l\u00e0 o\u00f9 il faut afin de communiquer un message. Des pratiques comme la peinture, le dessin et ma passion pour le cin\u00e9ma continuent d\u2019influencer ma mani\u00e8re de travailler, alliant comp\u00e9tences techniques et narration visuelle.<\/span><\/p><p><b>L\u2019enseignement<\/b><b><br \/><\/b><span style=\"font-weight: 400;\">J\u2019adore apprendre et partager mes connaissances, et mon exp\u00e9rience en enseignement enrichit ma pratique en photographie cr\u00e9ative. Que ce soit dans la communication, l\u2019attention au d\u00e9tail ou l\u2019\u00e9coute de chaque personne, ma formation m\u2019aide \u00e0 comprendre tes besoins et objectifs. Mon approche personnalis\u00e9e me permet de cr\u00e9er du contenu sur mesure, qu\u2019il s\u2019agisse de cours de photographie ou de s\u00e9ances photo adapt\u00e9es \u00e0 ta vision. Pour moi, chaque collaboration est une occasion d\u2019inspirer et d\u2019\u00eatre inspir\u00e9e.<\/span><\/p><p><b>La nostalgie<br \/><\/b><span style=\"font-weight: 400;\">\u00c9tant n\u00e9e en 1992, j\u2019ai grandi avec les cassettes VHS et les cam\u00e9ras jetables. La photographie argentique me passionne pour son charme intemporel et sa capacit\u00e9 \u00e0 capturer l\u2019essence d\u2019un moment. Cette pratique influence d\u2019ailleurs ma fa\u00e7on d\u2019aborder la photographie num\u00e9rique, autant dans ma prise de vue que dans mon \u00e9dition. J\u2019aime recr\u00e9er ce rendu chaleureux et authentique propre \u00e0 l\u2019argentique, tout en exploitant les outils modernes.<\/span><\/p><p><span style=\"font-weight: 400;\">Grande amoureuse du vintage, je m\u2019inspire des objets, de la mode et des styles uniques des d\u00e9cennies pass\u00e9es. Vous me croiserez s\u00fbrement dans une friperie, d\u00e9nichant des accessoires pour mes prochains shootings photo cr\u00e9atifs.<\/span><\/p>\t\t\t\t\t\t\t\t<\/div>\n\t\t\t\t<\/div>\n\t\t\t\t<div class=\"elementor-element elementor-element-8bff276 elementor-widget elementor-widget-image\" data-id=\"8bff276\" data-element_type=\"widget\" data-e-type=\"widget\" data-widget_type=\"image.default\">\n\t\t\t\t<div class=\"elementor-widget-container\">\n\t\t\t\t\t\t\t\t\t\t\t\t\t\t\t<img loading=\"lazy\" decoding=\"async\" width=\"800\" height=\"534\" src=\"https:\/\/precisionphotographie.com\/wp-content\/uploads\/2025\/01\/Branding-web-27.jpg\" class=\"attachment-large size-large wp-image-242\" alt=\"Portrait cr\u00e9atif de Marie-Pier Perreault\" srcset=\"https:\/\/precisionphotographie.com\/wp-content\/uploads\/2025\/01\/Branding-web-27.jpg 1000w, https:\/\/precisionphotographie.com\/wp-content\/uploads\/2025\/01\/Branding-web-27-600x400.jpg 600w, https:\/\/precisionphotographie.com\/wp-content\/uploads\/2025\/01\/Branding-web-27-300x200.jpg 300w, https:\/\/precisionphotographie.com\/wp-content\/uploads\/2025\/01\/Branding-web-27-768x512.jpg 768w, https:\/\/precisionphotographie.com\/wp-content\/uploads\/2025\/01\/Branding-web-27-18x12.jpg 18w\" sizes=\"(max-width: 800px) 100vw, 800px\" \/>\t\t\t\t\t\t\t\t\t\t\t\t\t\t\t<\/div>\n\t\t\t\t<\/div>\n\t\t\t\t\t<\/div>\n\t\t\t\t<\/div>\n\t\t\t\t<\/div>\n\t\t","protected":false},"excerpt":{"rendered":"<p>All\u00f4! Moi, c\u2019est Marie-Pier Ma fascination pour l\u2019image ne date pas d\u2019hier. Tout a commenc\u00e9 dans le noir complet d&rsquo;une chambre noire au secondaire, \u00e0 regarder une image appara\u00eetre sur le papier pour la premi\u00e8re fois. C\u2019est l\u00e0 que j&rsquo;ai eu la piq\u00fbre. Apr\u00e8s avoir partag\u00e9 ma passion comme enseignante d&rsquo;arts plastiques, j\u2019ai choisi de [&hellip;]<\/p>\n","protected":false},"author":1,"featured_media":0,"parent":0,"menu_order":0,"comment_status":"closed","ping_status":"closed","template":"elementor_theme","meta":{"footnotes":""},"class_list":["post-17","page","type-page","status-publish","hentry"],"yoast_head":"<!-- This site is optimized with the Yoast SEO plugin v28.3 - https:\/\/yoast.com\/product\/yoast-seo-wordpress\/ -->\n<title>\u00c0 propos - Pr\u00e9cision Photographie<\/title>\n<meta name=\"description\" content=\"Je suis une photographe avec une approche cr\u00e9ative inspir\u00e9e des arts visuels, de l\u2019enseignement et de la nostalgie pour la photo argentique.\" \/>\n<meta name=\"robots\" content=\"index, follow, max-snippet:-1, max-image-preview:large, max-video-preview:-1\" \/>\n<link rel=\"canonical\" href=\"https:\/\/precisionphotographie.com\/en\/a-propos\/\" \/>\n<meta property=\"og:locale\" content=\"en_US\" \/>\n<meta property=\"og:type\" content=\"article\" \/>\n<meta property=\"og:title\" content=\"\u00c0 propos - Pr\u00e9cision Photographie\" \/>\n<meta property=\"og:description\" content=\"Je suis une photographe avec une approche cr\u00e9ative inspir\u00e9e des arts visuels, de l\u2019enseignement et de la nostalgie pour la photo argentique.\" \/>\n<meta property=\"og:url\" content=\"https:\/\/precisionphotographie.com\/en\/a-propos\/\" \/>\n<meta property=\"og:site_name\" content=\"Pr\u00e9cision Photographie\" \/>\n<meta property=\"article:modified_time\" content=\"2026-08-14T14:48:08+00:00\" \/>\n<meta property=\"og:image\" content=\"https:\/\/precisionphotographie.com\/wp-content\/uploads\/2026\/08\/2026_AlexM-P-low-12-682x1024.jpg\" \/>\n<meta name=\"twitter:card\" content=\"summary_large_image\" \/>\n<meta name=\"twitter:label1\" content=\"Est. reading time\" \/>\n\t<meta name=\"twitter:data1\" content=\"4 minutes\" \/>\n<script type=\"application\/ld+json\" class=\"yoast-schema-graph\">{\"@context\":\"https:\\\/\\\/schema.org\",\"@graph\":[{\"@type\":\"WebPage\",\"@id\":\"https:\\\/\\\/precisionphotographie.com\\\/a-propos\\\/\",\"url\":\"https:\\\/\\\/precisionphotographie.com\\\/a-propos\\\/\",\"name\":\"\u00c0 propos - Pr\u00e9cision Photographie\",\"isPartOf\":{\"@id\":\"https:\\\/\\\/precisionphotographie.com\\\/#website\"},\"primaryImageOfPage\":{\"@id\":\"https:\\\/\\\/precisionphotographie.com\\\/a-propos\\\/#primaryimage\"},\"image\":{\"@id\":\"https:\\\/\\\/precisionphotographie.com\\\/a-propos\\\/#primaryimage\"},\"thumbnailUrl\":\"https:\\\/\\\/precisionphotographie.com\\\/wp-content\\\/uploads\\\/2026\\\/08\\\/2026_AlexM-P-low-12-682x1024.jpg\",\"datePublished\":\"2025-01-23T20:15:43+00:00\",\"dateModified\":\"2026-08-14T14:48:08+00:00\",\"description\":\"Je suis une photographe avec une approche cr\u00e9ative inspir\u00e9e des arts visuels, de l\u2019enseignement et de la nostalgie pour la photo argentique.\",\"breadcrumb\":{\"@id\":\"https:\\\/\\\/precisionphotographie.com\\\/a-propos\\\/#breadcrumb\"},\"inLanguage\":\"en-CA\",\"potentialAction\":[{\"@type\":\"ReadAction\",\"target\":[\"https:\\\/\\\/precisionphotographie.com\\\/a-propos\\\/\"]}]},{\"@type\":\"ImageObject\",\"inLanguage\":\"en-CA\",\"@id\":\"https:\\\/\\\/precisionphotographie.com\\\/a-propos\\\/#primaryimage\",\"url\":\"https:\\\/\\\/precisionphotographie.com\\\/wp-content\\\/uploads\\\/2026\\\/08\\\/2026_AlexM-P-low-12-682x1024.jpg\",\"contentUrl\":\"https:\\\/\\\/precisionphotographie.com\\\/wp-content\\\/uploads\\\/2026\\\/08\\\/2026_AlexM-P-low-12-682x1024.jpg\"},{\"@type\":\"BreadcrumbList\",\"@id\":\"https:\\\/\\\/precisionphotographie.com\\\/a-propos\\\/#breadcrumb\",\"itemListElement\":[{\"@type\":\"ListItem\",\"position\":1,\"name\":\"Accueil\",\"item\":\"https:\\\/\\\/precisionphotographie.com\\\/\"},{\"@type\":\"ListItem\",\"position\":2,\"name\":\"\u00c0 propos\"}]},{\"@type\":\"WebSite\",\"@id\":\"https:\\\/\\\/precisionphotographie.com\\\/#website\",\"url\":\"https:\\\/\\\/precisionphotographie.com\\\/\",\"name\":\"Pr\u00e9cision Photographie\",\"description\":\"Photographie cr\u00e9ative en Gasp\u00e9sie\",\"publisher\":{\"@id\":\"https:\\\/\\\/precisionphotographie.com\\\/#organization\"},\"potentialAction\":[{\"@type\":\"SearchAction\",\"target\":{\"@type\":\"EntryPoint\",\"urlTemplate\":\"https:\\\/\\\/precisionphotographie.com\\\/?s={search_term_string}\"},\"query-input\":{\"@type\":\"PropertyValueSpecification\",\"valueRequired\":true,\"valueName\":\"search_term_string\"}}],\"inLanguage\":\"en-CA\"},{\"@type\":\"Organization\",\"@id\":\"https:\\\/\\\/precisionphotographie.com\\\/#organization\",\"name\":\"Pr\u00e9cision Photographie\",\"url\":\"https:\\\/\\\/precisionphotographie.com\\\/\",\"logo\":{\"@type\":\"ImageObject\",\"inLanguage\":\"en-CA\",\"@id\":\"https:\\\/\\\/precisionphotographie.com\\\/#\\\/schema\\\/logo\\\/image\\\/\",\"url\":\"https:\\\/\\\/precisionphotographie.com\\\/wp-content\\\/uploads\\\/2025\\\/01\\\/Group-34.png\",\"contentUrl\":\"https:\\\/\\\/precisionphotographie.com\\\/wp-content\\\/uploads\\\/2025\\\/01\\\/Group-34.png\",\"width\":1178,\"height\":160,\"caption\":\"Pr\u00e9cision Photographie\"},\"image\":{\"@id\":\"https:\\\/\\\/precisionphotographie.com\\\/#\\\/schema\\\/logo\\\/image\\\/\"}}]}<\/script>\n<!-- \/ Yoast SEO plugin. -->","yoast_head_json":{"title":"\u00c0 propos - Pr\u00e9cision Photographie","description":"Je suis une photographe avec une approche cr\u00e9ative inspir\u00e9e des arts visuels, de l\u2019enseignement et de la nostalgie pour la photo argentique.","robots":{"index":"index","follow":"follow","max-snippet":"max-snippet:-1","max-image-preview":"max-image-preview:large","max-video-preview":"max-video-preview:-1"},"canonical":"https:\/\/precisionphotographie.com\/en\/a-propos\/","og_locale":"en_US","og_type":"article","og_title":"\u00c0 propos - Pr\u00e9cision Photographie","og_description":"Je suis une photographe avec une approche cr\u00e9ative inspir\u00e9e des arts visuels, de l\u2019enseignement et de la nostalgie pour la photo argentique.","og_url":"https:\/\/precisionphotographie.com\/en\/a-propos\/","og_site_name":"Pr\u00e9cision Photographie","article_modified_time":"2026-08-14T14:48:08+00:00","og_image":[{"url":"https:\/\/precisionphotographie.com\/wp-content\/uploads\/2026\/08\/2026_AlexM-P-low-12-682x1024.jpg","type":"","width":"","height":""}],"twitter_card":"summary_large_image","twitter_misc":{"Est. reading time":"4 minutes"},"schema":{"@context":"https:\/\/schema.org","@graph":[{"@type":"WebPage","@id":"https:\/\/precisionphotographie.com\/a-propos\/","url":"https:\/\/precisionphotographie.com\/a-propos\/","name":"\u00c0 propos - Pr\u00e9cision Photographie","isPartOf":{"@id":"https:\/\/precisionphotographie.com\/#website"},"primaryImageOfPage":{"@id":"https:\/\/precisionphotographie.com\/a-propos\/#primaryimage"},"image":{"@id":"https:\/\/precisionphotographie.com\/a-propos\/#primaryimage"},"thumbnailUrl":"https:\/\/precisionphotographie.com\/wp-content\/uploads\/2026\/08\/2026_AlexM-P-low-12-682x1024.jpg","datePublished":"2025-01-23T20:15:43+00:00","dateModified":"2026-08-14T14:48:08+00:00","description":"Je suis une photographe avec une approche cr\u00e9ative inspir\u00e9e des arts visuels, de l\u2019enseignement et de la nostalgie pour la photo argentique.","breadcrumb":{"@id":"https:\/\/precisionphotographie.com\/a-propos\/#breadcrumb"},"inLanguage":"en-CA","potentialAction":[{"@type":"ReadAction","target":["https:\/\/precisionphotographie.com\/a-propos\/"]}]},{"@type":"ImageObject","inLanguage":"en-CA","@id":"https:\/\/precisionphotographie.com\/a-propos\/#primaryimage","url":"https:\/\/precisionphotographie.com\/wp-content\/uploads\/2026\/08\/2026_AlexM-P-low-12-682x1024.jpg","contentUrl":"https:\/\/precisionphotographie.com\/wp-content\/uploads\/2026\/08\/2026_AlexM-P-low-12-682x1024.jpg"},{"@type":"BreadcrumbList","@id":"https:\/\/precisionphotographie.com\/a-propos\/#breadcrumb","itemListElement":[{"@type":"ListItem","position":1,"name":"Accueil","item":"https:\/\/precisionphotographie.com\/"},{"@type":"ListItem","position":2,"name":"\u00c0 propos"}]},{"@type":"WebSite","@id":"https:\/\/precisionphotographie.com\/#website","url":"https:\/\/precisionphotographie.com\/","name":"Pr\u00e9cision Photographie","description":"Creative photography in Gasp\u00e9sie","publisher":{"@id":"https:\/\/precisionphotographie.com\/#organization"},"potentialAction":[{"@type":"SearchAction","target":{"@type":"EntryPoint","urlTemplate":"https:\/\/precisionphotographie.com\/?s={search_term_string}"},"query-input":{"@type":"PropertyValueSpecification","valueRequired":true,"valueName":"search_term_string"}}],"inLanguage":"en-CA"},{"@type":"Organization","@id":"https:\/\/precisionphotographie.com\/#organization","name":"Pr\u00e9cision Photographie","url":"https:\/\/precisionphotographie.com\/","logo":{"@type":"ImageObject","inLanguage":"en-CA","@id":"https:\/\/precisionphotographie.com\/#\/schema\/logo\/image\/","url":"https:\/\/precisionphotographie.com\/wp-content\/uploads\/2025\/01\/Group-34.png","contentUrl":"https:\/\/precisionphotographie.com\/wp-content\/uploads\/2025\/01\/Group-34.png","width":1178,"height":160,"caption":"Pr\u00e9cision Photographie"},"image":{"@id":"https:\/\/precisionphotographie.com\/#\/schema\/logo\/image\/"}}]}},"_links":{"self":[{"href":"https:\/\/precisionphotographie.com\/en\/wp-json\/wp\/v2\/pages\/17","targetHints":{"allow":["GET"]}}],"collection":[{"href":"https:\/\/precisionphotographie.com\/en\/wp-json\/wp\/v2\/pages"}],"about":[{"href":"https:\/\/precisionphotographie.com\/en\/wp-json\/wp\/v2\/types\/page"}],"author":[{"embeddable":true,"href":"https:\/\/precisionphotographie.com\/en\/wp-json\/wp\/v2\/users\/1"}],"replies":[{"embeddable":true,"href":"https:\/\/precisionphotographie.com\/en\/wp-json\/wp\/v2\/comments?post=17"}],"version-history":[{"count":62,"href":"https:\/\/precisionphotographie.com\/en\/wp-json\/wp\/v2\/pages\/17\/revisions"}],"predecessor-version":[{"id":1146,"href":"https:\/\/precisionphotographie.com\/en\/wp-json\/wp\/v2\/pages\/17\/revisions\/1146"}],"wp:attachment":[{"href":"https:\/\/precisionphotographie.com\/en\/wp-json\/wp\/v2\/media?parent=17"}],"curies":[{"name":"wp","href":"https:\/\/api.w.org\/{rel}","templated":true}]}}